{"version":"1.0","provider_name":"L\u00e9p\u00e9sr\u0151l l\u00e9p\u00e9sre....","provider_url":"https:\/\/illa.cafeblog.hu","author_name":"ILLA","author_url":"https:\/\/illa.cafeblog.hu\/author\/illa\/","title":"Hiszek magamban!","html":"<a href=\"https:\/\/illa.cafeblog.hu\/files\/2014\/07\/hit3.jpg\"><img class=\"aligncenter size-medium wp-image-89\" src=\"https:\/\/illa.cafeblog.hu\/files\/2014\/07\/hit3-300x186.jpg\" alt=\"hit, \u00f6nismeret, fogy\u00e1s, \u00f6nbecs\u00fcl\u00e9s\" width=\"300\" height=\"186\" \/><\/a>\r\n\r\nAz el\u0151z\u0151 blogbejegyz\u00e9sben azt \u00edg\u00e9rtem, hogy le\u00edrok n\u00e9h\u00e1ny olyan egyszer\u0171 praktik\u00e1t, melyek seg\u00edtenek elfogadni magadat.\r\n\r\n<strong>Szeretn\u00e9m el\u0151re lesz\u00f6gezni, hogy meg kell dolgoznod \u00e9rte<\/strong>, mert\u00a0az \u00f6nbecs\u00fcl\u00e9st, mint\u00a0semmi m\u00e1st sem, \u00a0nem lehet ingyen megkapni.\u00a0 Ez az eg\u00e9sz blog arr\u00f3l sz\u00f3l, hogy magadnak kell a legf\u0151bb t\u00e1mogat\u00f3dnak lenned, hogy b\u00e1rmit is szeretn\u00e9l, az\u00e9rt tenned kell. Ha nem akarsz tenni \u00e9rte, akkor fordulhat el\u0151, hogy megveszed a fogy\u00f3k\u00far\u00e1s tablett\u00e1kat, \u00e9s csod\u00e1lkozol, mi\u00e9rt nem haszn\u00e1lnak.\r\n\r\nDe most az\u00e9rt olvasod ezt a blogbejegyz\u00e9st, mert szeretn\u00e9l tenni az\u00e9rt, hogy az \u00f6nbecs\u00fcl\u00e9sed fel\u00e9p\u00fclj\u00f6n, \u00e9s k\u00e9pes legy\u00e9l hinni magadban.\u00a0Ez az egyetlen \u00fatja annak, hogy megval\u00f3s\u00edtsd a terveidet, vagy hogy a szimpla v\u00e1gyakoz\u00e1sb\u00f3l tettek, azokb\u00f3l pedig eredm\u00e9nyek sz\u00fclessenek.\r\n\r\nL\u00e1ssuk teh\u00e1t, hogy mit is kell tenned. A k\u00f6vetkez\u0151kben le\u00edrom az els\u0151 l\u00e9p\u00e9st. Minden nap felteszek egy \u00fajabb blogbejegyz\u00e9st, a soron k\u00f6vetkez\u0151 feladatokkal.\u00a0B\u00e1rmi legyen is a probl\u00e9m\u00e1d, az els\u0151 sorozatot \u00e9rdemes v\u00e9gigcsin\u00e1lni. A k\u00e9s\u0151bbiekben majd r\u00e1t\u00e9r\u00fcnk arra a probl\u00e9mak\u00f6rre, ami miatt ez a blog megsz\u00fcletett: a hossz\u00fa ideje tart\u00f3, rem\u00e9nytelen fogy\u00f3k\u00far\u00e1k helyett megval\u00f3s\u00edtand\u00f3 val\u00f3di fogy\u00e1s kivitelez\u00e9s\u00e9re.\r\n\r\n&nbsp;\r\n\r\n<strong>Teh\u00e1t a mai feladat: Ismered magad?<\/strong>\r\n\r\nUgye, azt hiszed, hogy igen. Mindj\u00e1rt kider\u00fcl, hogy \u00edgy van-e. K\u00e9rlek, vegy\u00e9l el\u0151 egy f\u00fczetet, meg egy tollat. \u00dclj le egy viszonylag csendes sarokba, \u00e9s gondolkodj el magadon. Azon gondolkodj, hogy milyen j\u00f3 tulajdons\u00e1gaid vannak. Mik azok a dolgok, amiket szeretsz magadban. Mi az, ami \u00f6r\u00f6met okoz, ami miatt j\u00f3 a vil\u00e1gon lenni.\r\n\r\nHa m\u00e1r p\u00e1r perce figyeled magadat, \u00edrd le sz\u00e9pen egym\u00e1s al\u00e1 azokat a tulajdons\u00e1gokat, amiket szeretsz magadban. Legal\u00e1bb t\u00edz ilyet kell le\u00edrnod.\r\n\r\nNe ijedj meg: t\u00edzb\u0151l kilenc n\u0151 csak a rossz tulajdons\u00e1gokat sorolja - de azonnal. Legal\u00e1bb harminc olyan tulajdons\u00e1got tudnak felsorolni kap\u00e1sb\u00f3l, amit ut\u00e1lnak magukban, \u00e9s lehet, hogy ezzel te is \u00edgy vagy.\r\n\r\nNe arra gondolj, hogy mi\u00e9rt nem szereted magad - tudom, hogy a tudatalattid erre van kondicion\u00e1lva - hanem arra figyelj, mi\u00e9rt j\u00f3, hogy te a vil\u00e1gon vagy. Mi\u00e9rt j\u00f3, hogy itt \u00e9lsz ezen a f\u00f6ld\u00f6n, kik \u00f6r\u00fclnek neked, \u00e9s mi\u00e9rt? Azok, akik szeretnek, nyilv\u00e1n okkal teszik, keresd meg te is az okokat, hogy mi\u00e9rt szeretheted magadat!\r\n\r\nNem lesz egyszer\u0171, van, akinek\u00a0egyetlen egyet sem siker\u00fcl felsorakoztatnia els\u0151re, de ne add fel, egy id\u0151 ut\u00e1n mindenkinek\u00a0esz\u00e9be jut legal\u00e1bb egy-kett\u0151. Ha pedig megvan egy-kett\u0151, m\u00e1r k\u00f6nnyebb lesz a k\u00f6vetkez\u0151 nyolc-kilenc. Addig, am\u00edg a t\u00edz j\u00f3 tulajdons\u00e1godat \u00f6ssze nem \u00edrtad, ne hagyd abba! Ha v\u00e9gleg nem megy,<a href=\"https:\/\/www.facebook.com\/vegleges.fogyas?ref=hl\"> keress meg itt, priv\u00e1tban seg\u00edtek<\/a>.\r\n\r\nEl ne feldjem: \u00edrd fel l\u00e9gy sz\u00edves a t\u00edz j\u00f3 tulajdons\u00e1god al\u00e1, hogy mennyi id\u0151t vett ig\u00e9nybe \u00f6sszegy\u0171jteni ezeket. K\u00e9s\u0151bb m\u00e9g sz\u00fcks\u00e9ged lesz erre az inform\u00e1ci\u00f3ra!\r\n\r\nTeh\u00e1t, munk\u00e1ra fel!\u00a0 Szeretettel: Illa\r\n\r\n&nbsp;","type":"rich"}